{"id":16742,"date":"2025-03-23T18:19:47","date_gmt":"2025-03-23T17:19:47","guid":{"rendered":"https:\/\/velartrip.com\/?post_type=product&#038;p=16742"},"modified":"2025-03-23T18:39:34","modified_gmt":"2025-03-23T17:39:34","slug":"couverture-survie-reutilisable","status":"publish","type":"product","link":"https:\/\/velartrip.com\/de\/survie\/couverture-survie-reutilisable\/","title":{"rendered":"Wiederverwendbare Rettungsdecke"},"content":{"rendered":"<h2 class=\"\" data-start=\"200\" data-end=\"223\"><strong data-start=\"203\" data-end=\"223\">Spezifikationen:<\/strong><\/h2>\n<ul data-start=\"224\" data-end=\"428\">\n<li class=\"\" data-start=\"224\" data-end=\"270\">\n<p class=\"\" data-start=\"226\" data-end=\"270\"><strong data-start=\"226\" data-end=\"240\">Material:<\/strong> Ultrabest\u00e4ndiges Mylar (26 \u00b5m)<\/p>\n<\/li>\n<li class=\"\" data-start=\"271\" data-end=\"329\">\n<p class=\"\" data-start=\"273\" data-end=\"329\"><strong data-start=\"273\" data-end=\"286\">Farbe :<\/strong> Gut sichtbares Orange oder Tarngr\u00fcn<\/p>\n<\/li>\n<li class=\"\" data-start=\"330\" data-end=\"372\">\n<p class=\"\" data-start=\"332\" data-end=\"372\"><strong data-start=\"332\" data-end=\"357\">Offene Ma\u00dfe:<\/strong> 213 cm x 91 cm<\/p>\n<\/li>\n<li class=\"\" data-start=\"373\" data-end=\"428\">\n<p class=\"\" data-start=\"375\" data-end=\"428\"><strong data-start=\"375\" data-end=\"386\">Gewicht :<\/strong> Leicht und kompakt f\u00fcr einfachen Transport<\/p>\n<\/li>\n<\/ul>\n<h2 class=\"\" data-start=\"430\" data-end=\"455\"><strong data-start=\"433\" data-end=\"455\">Merkmale :<\/strong><\/h2>\n<h3 class=\"\" data-start=\"457\" data-end=\"490\"><strong data-start=\"461\" data-end=\"490\">\ud83d\udca1 Benutzerfreundlichkeit<\/strong><\/h3>\n<p class=\"\" data-start=\"491\" data-end=\"886\">Im Gegensatz zu herk\u00f6mmlichen Rettungsdecken ist diese wiederverwendbare \u00dcberlebensdecke als Biwaksack konzipiert. Nehmen Sie es einfach aus der Aufbewahrungstasche, rollen Sie es aus und stecken Sie es hinein. Es kann auch verwendet werden als <strong data-start=\"743\" data-end=\"774\">Schlafsack-Innenschlafsack<\/strong> um die K\u00f6rperw\u00e4rme aufrechtzuerhalten. Es l\u00e4sst sich leicht zusammenfalten und verstauen und kann \u00fcberallhin transportiert werden, ohne Platz zu beanspruchen.<\/p>\n<h3 class=\"\" data-start=\"888\" data-end=\"932\"><strong data-start=\"892\" data-end=\"932\">\ud83d\udd25 W\u00e4rmed\u00e4mmung und Schutz<\/strong><\/h3>\n<p class=\"\" data-start=\"933\" data-end=\"1234\">Hergestellt in <strong data-start=\"946\" data-end=\"969\">reflektierendes Mylar<\/strong>, diese Rettungsdecke kann die K\u00f6rpertemperatur um bis zu erh\u00f6hen <strong data-start=\"1047\" data-end=\"1055\">20\u00b0C<\/strong> unter extremen Bedingungen. Sein Inneres spiegelt <strong data-start=\"1110\" data-end=\"1143\">90 % K\u00f6rperw\u00e4rme<\/strong>, wodurch das Risiko einer Unterk\u00fchlung bei K\u00e4lte, Regen oder Schnee verringert wird.<\/p>\n<h3 class=\"\" data-start=\"1236\" data-end=\"1272\"><strong data-start=\"1240\" data-end=\"1272\">\ud83c\udf27\ufe0f St\u00e4rke und Haltbarkeit<\/strong><\/h3>\n<ul data-start=\"1273\" data-end=\"1607\">\n<li class=\"\" data-start=\"1273\" data-end=\"1363\">\n<p class=\"\" data-start=\"1275\" data-end=\"1363\"><strong data-start=\"1275\" data-end=\"1303\">Wasserdicht &amp; winddicht<\/strong> : Sch\u00fctzt effektiv vor Wasser, Wind und Feuchtigkeit.<\/p>\n<\/li>\n<li class=\"\" data-start=\"1364\" data-end=\"1528\">\n<p class=\"\" data-start=\"1366\" data-end=\"1528\"><strong data-start=\"1366\" data-end=\"1399\">Rei\u00dffest &amp; wiederverwendbar<\/strong> : Im Gegensatz zu Einwegdecken ist diese f\u00fcr den Mehrfachgebrauch konzipiert und kann gefaltet werden, ohne Schaden zu nehmen.<\/p>\n<\/li>\n<li class=\"\" data-start=\"1529\" data-end=\"1607\">\n<p class=\"\" data-start=\"1531\" data-end=\"1607\"><strong data-start=\"1531\" data-end=\"1552\">Versiegelte N\u00e4hte<\/strong> : F\u00fcr optimalen Schutz vor schlechtem Wetter.<\/p>\n<\/li>\n<\/ul>\n<h3 class=\"\" data-start=\"1609\" data-end=\"1644\"><strong data-start=\"1613\" data-end=\"1644\">\ud83c\udd98 F\u00fcr Notf\u00e4lle konzipiert<\/strong><\/h3>\n<ul data-start=\"1645\" data-end=\"1967\">\n<li class=\"\" data-start=\"1645\" data-end=\"1734\">\n<p class=\"\" data-start=\"1647\" data-end=\"1734\"><strong data-start=\"1647\" data-end=\"1667\">Hohe Sichtbarkeit<\/strong> : Die orange Farbe signalisiert den Rettungsdiensten Ihre Anwesenheit.<\/p>\n<\/li>\n<li class=\"\" data-start=\"1735\" data-end=\"1863\">\n<p class=\"\" data-start=\"1737\" data-end=\"1863\"><strong data-start=\"1737\" data-end=\"1752\">Vielseitig<\/strong> : Kann verwendet werden als <strong data-start=\"1770\" data-end=\"1862\">W\u00e4rmedecke, Notunterkunft, wasserdichter Poncho oder isolierende Bodenplane<\/strong>.<\/p>\n<\/li>\n<li class=\"\" data-start=\"1864\" data-end=\"1967\">\n<p class=\"\" data-start=\"1866\" data-end=\"1967\"><strong data-start=\"1866\" data-end=\"1881\">Ideal f\u00fcr<\/strong> : Wandern, Camping, Bergsteigen, extremes \u00dcberleben, Erste-Hilfe-Set f\u00fcrs Auto.<\/p>\n<\/li>\n<\/ul>\n<h2 class=\"\" data-start=\"1974\" data-end=\"2030\"><strong data-start=\"1977\" data-end=\"2030\">FAQ: Wie verwendet man eine Rettungsdecke?<\/strong><\/h2>\n<h3 class=\"\" data-start=\"2032\" data-end=\"2089\"><strong data-start=\"2036\" data-end=\"2089\">Rettungsdecke: Welche Seite ist nutzbar?<\/strong><\/h3>\n<p class=\"\" data-start=\"2090\" data-end=\"2153\">Die Abdeckung hat <strong data-start=\"2112\" data-end=\"2126\">zwei Seiten<\/strong> mit unterschiedlichen Funktionen:<\/p>\n<ul data-start=\"2154\" data-end=\"2356\">\n<li class=\"\" data-start=\"2154\" data-end=\"2257\">\n<p class=\"\" data-start=\"2156\" data-end=\"2257\"><strong data-start=\"2156\" data-end=\"2187\">Silbernes Zifferblatt innen<\/strong> : H\u00e4lt die K\u00f6rperw\u00e4rme, ideal zum Kampf gegen die K\u00e4lte.<\/p>\n<\/li>\n<li class=\"\" data-start=\"2258\" data-end=\"2356\">\n<p class=\"\" data-start=\"2260\" data-end=\"2356\"><strong data-start=\"2260\" data-end=\"2289\">Orangefarbenes Gesicht au\u00dfen<\/strong> : Macht die Person f\u00fcr Rettungskr\u00e4fte sichtbar und sch\u00fctzt vor schlechtem Wetter.<\/p>\n<\/li>\n<\/ul>\n<h3 class=\"\" data-start=\"2358\" data-end=\"2409\"><strong data-start=\"2362\" data-end=\"2409\">Wie verwendet man eine Rettungsdecke?<\/strong><\/h3>\n<ol data-start=\"2410\" data-end=\"2725\">\n<li class=\"\" data-start=\"2410\" data-end=\"2522\">\n<p class=\"\" data-start=\"2413\" data-end=\"2522\"><strong data-start=\"2413\" data-end=\"2432\">Gegen die K\u00e4lte<\/strong> : H\u00fclle dich mit deinem Gesicht darin ein <strong data-start=\"2469\" data-end=\"2498\">silbrig nach innen<\/strong> um W\u00e4rme zu speichern.<\/p>\n<\/li>\n<li class=\"\" data-start=\"2523\" data-end=\"2643\">\n<p class=\"\" data-start=\"2526\" data-end=\"2643\"><strong data-start=\"2526\" data-end=\"2547\">Gegen die Hitze<\/strong> : Platzieren Sie das Gesicht <strong data-start=\"2565\" data-end=\"2594\">au\u00dfen silbrig<\/strong> um die Sonne zu reflektieren und k\u00fchl zu bleiben.<\/p>\n<\/li>\n<li class=\"\" data-start=\"2644\" data-end=\"2725\">\n<p class=\"\" data-start=\"2647\" data-end=\"2725\"><strong data-start=\"2647\" data-end=\"2668\">In einer Notunterkunft<\/strong> : H\u00e4ngen Sie es als Windschutz oder provisorisches Dach auf.<\/p>\n<\/li>\n<\/ol>\n<h3 class=\"\" data-start=\"2727\" data-end=\"2785\"><strong data-start=\"2731\" data-end=\"2785\">Rettungsdecke: Isolierung gegen K\u00e4lte?<\/strong><\/h3>\n<p class=\"\" data-start=\"2786\" data-end=\"3091\">Ja, diese Abdeckung ist f\u00fcr <strong data-start=\"2824\" data-end=\"2843\">vor K\u00e4lte isolieren<\/strong> unter Beibehaltung <strong data-start=\"2858\" data-end=\"2899\">bis zu 90 % K\u00f6rperw\u00e4rme<\/strong>. Es ist besonders wirksam bei <strong data-start=\"2941\" data-end=\"2965\">Unterk\u00fchlung vermeiden<\/strong> in feindlichen Umgebungen (Berge, Schnee, St\u00fcrme). Kombinieren Sie es f\u00fcr eine optimale Isolierung mit warmer Kleidung und einem Unterschlupf.<\/p>\n<p>&nbsp;<\/p>","protected":false},"excerpt":{"rendered":"<p>Spezifikationen: Material: Ultrabest\u00e4ndiges Mylar (26 \u00b5m) Farbe: Warnorange oder Tarngr\u00fcn Ma\u00dfe ge\u00f6ffnet: 213 cm x 91 cm Gewicht: Leicht und kompakt f\u00fcr einfachen Transport Funktionen: \ud83d\udca1 Benutzerfreundlichkeit Anders als herk\u00f6mmliche Rettungsdecken ist diese wiederverwendbare \u00dcberlebensdecke in Form eines Biwaksacks konzipiert\u2026.<\/p>","protected":false},"featured_media":16736,"comment_status":"open","ping_status":"closed","template":"","meta":{"_kad_blocks_custom_css":"","_kad_blocks_head_custom_js":"","_kad_blocks_body_custom_js":"","_kad_blocks_footer_custom_js":"","_kad_post_transparent":"default","_kad_post_title":"","_kad_post_layout":"default","_kad_post_sidebar_id":"","_kad_post_content_style":"default","_kad_post_vertical_padding":"default","_kad_post_feature":"","_kad_post_feature_position":"","_kad_post_header":false,"_kad_post_footer":false,"_kad_post_classname":""},"product_brand":[385],"product_cat":[987],"product_tag":[],"class_list":{"0":"post-16742","1":"product","2":"type-product","3":"status-publish","4":"has-post-thumbnail","6":"product_brand-velartrip","7":"product_cat-survie","9":"first","10":"instock","11":"taxable","12":"shipping-taxable","13":"purchasable","14":"product-type-variable","15":"entry","16":"content-bg","17":"loop-entry"},"taxonomy_info":{"product_brand":[{"value":385,"label":"VelarTrip"}],"product_cat":[{"value":987,"label":"Survivalisme et Guerre \ud83e\ude96"}]},"featured_image_src_large":["https:\/\/velartrip.com\/wp-content\/uploads\/2025\/03\/S7f717a75387a47e69873b2caad340928d.webp",800,800,false],"author_info":[],"comment_info":2,"_links":{"self":[{"href":"https:\/\/velartrip.com\/de\/wp-json\/wp\/v2\/product\/16742","targetHints":{"allow":["GET"]}}],"collection":[{"href":"https:\/\/velartrip.com\/de\/wp-json\/wp\/v2\/product"}],"about":[{"href":"https:\/\/velartrip.com\/de\/wp-json\/wp\/v2\/types\/product"}],"replies":[{"embeddable":true,"href":"https:\/\/velartrip.com\/de\/wp-json\/wp\/v2\/comments?post=16742"}],"wp:featuredmedia":[{"embeddable":true,"href":"https:\/\/velartrip.com\/de\/wp-json\/wp\/v2\/media\/16736"}],"wp:attachment":[{"href":"https:\/\/velartrip.com\/de\/wp-json\/wp\/v2\/media?parent=16742"}],"wp:term":[{"taxonomy":"product_brand","embeddable":true,"href":"https:\/\/velartrip.com\/de\/wp-json\/wp\/v2\/product_brand?post=16742"},{"taxonomy":"product_cat","embeddable":true,"href":"https:\/\/velartrip.com\/de\/wp-json\/wp\/v2\/product_cat?post=16742"},{"taxonomy":"product_tag","embeddable":true,"href":"https:\/\/velartrip.com\/de\/wp-json\/wp\/v2\/product_tag?post=16742"}],"curies":[{"name":"wp","href":"https:\/\/api.w.org\/{rel}","templated":true}]}}