{"id":6872,"date":"2020-04-23T13:34:45","date_gmt":"2020-04-23T13:34:45","guid":{"rendered":"https:\/\/velartrip.com\/?product=sac-de-voyage-br-portland"},"modified":"2022-05-05T13:10:19","modified_gmt":"2022-05-05T11:10:19","slug":"sac-de-voyage-grand-format","status":"publish","type":"product","link":"https:\/\/velartrip.com\/de\/accessoires-pratiques\/sac-de-voyage-grand-format\/","title":{"rendered":"Reisetasche Portland"},"content":{"rendered":"<h2>Unsere Reisetasche Portland ist perfekt f\u00fcr Aufenthalte von bis zu einer Woche! Dank ihres gro\u00dfen Formats ist sie auf der ganzen Welt vielseitig einsetzbar.<\/h2>\n<ul>\n<li>Gestaltet in <strong>Leinwand und aus verst\u00e4rktem Leder<\/strong> !\u00a0<\/li>\n<\/ul>\n<ul>\n<li>Eine <strong>Erweiterung<\/strong> Die Tasche kann mit zwei Rei\u00dfverschl\u00fcssen auf jeder Seite geschlossen werden.\u00a0<\/li>\n<\/ul>\n<ul>\n<li>\n<strong>4 Kufen<\/strong> Schutzh\u00fclle unter der Tasche.<\/li>\n<\/ul>\n<ul>\n<li>\n<strong>KOSTENLOSER STANDARDVERSAND\u00a0<\/strong>\n<\/li>\n<\/ul>\n<p><span style=\"text-decoration: underline;\"><em>Abmessungen :<\/em><\/span><\/p>\n<ul>\n<li>25 cm breit<\/li>\n<li>53 cm lang <em>(ausziehbar bis 58 cm)<\/em>\n<\/li>\n<li>30 cm hoch<\/li>\n<\/ul>\n<p>\u00a0<\/p>","protected":false},"excerpt":{"rendered":"<p>Unsere Reisetasche Portland ist perfekt f\u00fcr Aufenthalte von bis zu einer Woche! Sein gro\u00dfes Format macht ihn vielseitig einsetzbar in allen vier Ecken der Welt. Aus Canvas und verst\u00e4rktem Leder! Eine m\u00f6gliche Erweiterung der Tasche ist durch die 2 Rei\u00dfverschl\u00fcsse auf jeder Seite m\u00f6glich. 4 Schutzpolster unter\u2026<\/p>","protected":false},"featured_media":13454,"comment_status":"open","ping_status":"closed","template":"","meta":{"_kad_blocks_custom_css":"","_kad_blocks_head_custom_js":"","_kad_blocks_body_custom_js":"","_kad_blocks_footer_custom_js":"","_kad_post_transparent":"","_kad_post_title":"","_kad_post_layout":"","_kad_post_sidebar_id":"","_kad_post_content_style":"","_kad_post_vertical_padding":"","_kad_post_feature":"","_kad_post_feature_position":"","_kad_post_header":false,"_kad_post_footer":false,"_kad_post_classname":""},"product_brand":[385],"product_cat":[386],"product_tag":[96,152],"class_list":{"0":"post-6872","1":"product","2":"type-product","3":"status-publish","4":"has-post-thumbnail","6":"product_brand-velartrip","7":"product_cat-accessoires-pratiques","8":"product_tag-nomade","9":"product_tag-explore","11":"first","12":"instock","13":"taxable","14":"shipping-taxable","15":"purchasable","16":"product-type-variable","17":"entry","18":"content-bg","19":"loop-entry"},"taxonomy_info":{"product_brand":[{"value":385,"label":"VelarTrip"}],"product_cat":[{"value":386,"label":"Accessoires Pratiques"}],"product_tag":[{"value":96,"label":" Nomade"},{"value":152,"label":"Explore"}]},"featured_image_src_large":["https:\/\/velartrip.com\/wp-content\/uploads\/2022\/05\/20.jpg",800,800,false],"author_info":[],"comment_info":6,"_links":{"self":[{"href":"https:\/\/velartrip.com\/de\/wp-json\/wp\/v2\/product\/6872","targetHints":{"allow":["GET"]}}],"collection":[{"href":"https:\/\/velartrip.com\/de\/wp-json\/wp\/v2\/product"}],"about":[{"href":"https:\/\/velartrip.com\/de\/wp-json\/wp\/v2\/types\/product"}],"replies":[{"embeddable":true,"href":"https:\/\/velartrip.com\/de\/wp-json\/wp\/v2\/comments?post=6872"}],"wp:featuredmedia":[{"embeddable":true,"href":"https:\/\/velartrip.com\/de\/wp-json\/wp\/v2\/media\/13454"}],"wp:attachment":[{"href":"https:\/\/velartrip.com\/de\/wp-json\/wp\/v2\/media?parent=6872"}],"wp:term":[{"taxonomy":"product_brand","embeddable":true,"href":"https:\/\/velartrip.com\/de\/wp-json\/wp\/v2\/product_brand?post=6872"},{"taxonomy":"product_cat","embeddable":true,"href":"https:\/\/velartrip.com\/de\/wp-json\/wp\/v2\/product_cat?post=6872"},{"taxonomy":"product_tag","embeddable":true,"href":"https:\/\/velartrip.com\/de\/wp-json\/wp\/v2\/product_tag?post=6872"}],"curies":[{"name":"wp","href":"https:\/\/api.w.org\/{rel}","templated":true}]}}