{"id":6678,"date":"2020-04-20T13:27:53","date_gmt":"2020-04-20T13:27:53","guid":{"rendered":"https:\/\/velartrip.com\/?product=housse-de-valise-br-mandala"},"modified":"2024-12-04T09:30:30","modified_gmt":"2024-12-04T08:30:30","slug":"housse-valise-mandala","status":"publish","type":"product","link":"https:\/\/velartrip.com\/es\/accessoires-pour-valise\/housse-de-valise\/housse-valise-mandala\/","title":{"rendered":"Funda de maleta Mandala"},"content":{"rendered":"<h2>\u00bfEs usted fan de la cultura budista? Descubra nuestras fundas para maletas con s\u00edmbolos mandala y prolongue su sensaci\u00f3n de bienestar a los 4 rincones del planeta.<\/h2>\n<ul>\n<li><strong><span style=\"text-decoration: underline;\">Se adapta a las maletas 99%<\/span> <\/strong>con 2 o 4 ruedas.<\/li>\n<li><strong>Dos aperturas previstas<\/strong> para el asa telesc\u00f3pica y\/o el asa simple.<\/li>\n<li>Se acab\u00f3 el riesgo de que le roben sus pertenencias, <strong>las cremalleras est\u00e1n protegidas<\/strong> por nuestra portada<\/li>\n<li>Se acabaron las pel\u00edculas de pl\u00e1stico desechables a precios desorbitados, nuestras fundas se amortizan en cuanto se realiza el primer viaje.<\/li>\n<li>Lavable a 30 \u00b0C y reutilizable, \u00a1el planeta saldr\u00e1 ganando! \u267b\ufe0f<\/li>\n<\/ul>\n<p style=\"text-align: center;\">\ud83d\udccf Consulta la gu\u00eda de tallas para elegir la funda de maleta que mejor se adapte a tu talla \ud83d\udccf<\/p>\n<p class=\"p1\" style=\"text-align: center;\"><span class=\"s1\">\u26a0\ufe0f<\/span> Compatible con fundas para maletas como<strong> el asa lateral est\u00e1 a la izquierda, no a la derecha<\/strong>. (puede verse en la foto de la portada)<\/p>\n<p>&nbsp;<\/p>\n<h2 style=\"text-align: center;\"><span style=\"color: #ec7f01;\">\u00bfPor qu\u00e9 elegir una funda de maleta?<\/span><\/h2>\n<p class=\"p1\">\u00bfTiene dudas sobre el uso de una funda de maleta? \u00bfNo est\u00e1 seguro de si su <strong>caso ser\u00e1 compatible<\/strong> con este accesorio?<\/p>\n<p class=\"p2\">Somos especialistas en este \u00e1mbito y se lo explicamos a continuaci\u00f3n.<\/p>\n<p>&nbsp;<\/p>\n<p>Como todos sabemos, con m\u00e1s de 36,7 millones de vuelos al a\u00f1o <strong>la seguridad de su equipaje<\/strong> puede ser defectuoso...<\/p>\n<div style=\"text-align: left;\"><img decoding=\"async\" style=\"float: none;\" src=\"https:\/\/velartrip.com\/wp-content\/uploads\/content\/bagages_dechires.jpg\" alt=\"equipaje da\u00f1ado\" \/><\/div>\n<p>Si desea :<\/p>\n<ul>\n<li><strong>Proteja<\/strong> su <strong>efectos personales<\/strong> eficientemente<\/li>\n<li><strong>Desaconseje<\/strong> de <strong>intentos de robo<\/strong><\/li>\n<li><strong>Identifique<\/strong> m\u00e1s f\u00e1cilmente <strong>su maleta<\/strong> en el carrusel de equipajes<\/li>\n<\/ul>\n<p>Entonces lo que necesita es una funda de maleta. No m\u00e1s :<\/p>\n<ul>\n<li>Maletas abiertas a la llegada<\/li>\n<li>Maletas ara\u00f1adas, abolladas o rotas<\/li>\n<\/ul>\n<p>A partir de ahora, la bodega de un avi\u00f3n ya no ser\u00e1 un problema para usted.<\/p>\n<h3><\/h3>\n<h3><span style=\"text-decoration: underline;\">\u00bfPor qu\u00e9 hemos elegido el poli\u00e9ster?<\/span><\/h3>\n<p class=\"p2\">Sencillamente porque, hasta la fecha, es el <strong>el material m\u00e1s seguro<\/strong> y el m\u00e1s flexible para <strong>Para 99%<\/strong> tama\u00f1os de las maletas.<\/p>\n<p class=\"p2\">La otra ventaja es que el <strong>poli\u00e9ster<\/strong> es un material que <strong>se puede lavar<\/strong> Ahorrar\u00e1 mucho dinero en comparaci\u00f3n con los que utilizan l\u00e1minas de pl\u00e1stico.<\/p>\n<p class=\"p2\">Para su informaci\u00f3n, para un vuelo de ida y vuelta, una l\u00e1mina de pl\u00e1stico cuesta lo mismo que una funda de maleta...<\/p>\n<p class=\"p2\">Su <strong>cover respeta el medio ambiente y el desarrollo sostenible.<\/strong><\/p>\n<div style=\"text-align: left;\"><img decoding=\"async\" style=\"float: none;\" src=\"https:\/\/velartrip.com\/wp-content\/uploads\/content\/films_plastiques_ou_housses_de_valise.png\" alt=\"l\u00e1minas de pl\u00e1stico o fundas para maletas\" \/><\/div>\n<h3 class=\"p2\"><\/h3>\n<h3 class=\"p2\"><\/h3>\n<h3 class=\"p2\"><span style=\"text-decoration: underline;\">\u00bfEs compatible mi maleta con alguna de sus fundas protectoras?<\/span><\/h3>\n<p class=\"p2\">Si tiene un <strong>maleta r\u00edgida con 2 \u00f3 4 ruedas<\/strong> y un asa telesc\u00f3pica, \u00a1hay muchas posibilidades de que su maleta sea compatible!<\/p>\n<p class=\"p2\">En cambio, las bolsas de viaje y las mochilas no son adaptables.<\/p>\n<p class=\"p2\">Para m\u00e1s informaci\u00f3n, visite <span style=\"text-decoration: underline;\"><a title=\"gu\u00eda de tallas\" href=\"https:\/\/velartrip.com\/wp-content\/uploads\/2021\/05\/Guide-des-tailles-velartrip.png\" target=\"_blank\" rel=\"noopener\">nuestra gu\u00eda de tallas<\/a><\/span> para elegir las dimensiones adecuadas de su maleta y, sobre todo, para comprobar si <strong>tu asa lateral est\u00e1 a la izquierda<\/strong>Algunos modelos est\u00e1n dise\u00f1ados exclusivamente para mangos rectos.<\/p>\n<div style=\"text-align: left;\"><img decoding=\"async\" style=\"float: none;\" src=\"https:\/\/velartrip.com\/wp-content\/uploads\/content\/poignees_valises.png\" alt=\"Asas de equipaje\" \/><\/div>\n<h3 class=\"p2\"><span style=\"text-decoration: underline;\">En la pr\u00e1ctica, \u00bfc\u00f3mo se protege mi maleta? <\/span><\/h3>\n<p class=\"p2\">Funda para maleta <strong>se desliza por encima<\/strong>Puede equiparse con cremalleras y correas para garantizar un ajuste seguro.<strong> sujeci\u00f3n segura<\/strong> durante todo el viaje.<\/p>\n<p class=\"p2\">Visite <strong>menos de 30 segundos<\/strong>su maleta ser\u00e1 <strong>100% protegido.<\/strong><\/p>\n<p class=\"p2\">Si lo desea, puede <span style=\"text-decoration: underline;\"><a title=\"tutorial de fundas para maletas\" href=\"https:\/\/vimeo.com\/454561460\" target=\"_blank\" rel=\"noopener\">vea nuestro tutorial sobre c\u00f3mo adaptar la funda a su maleta<\/a>.<\/span><\/p>\n<ul>\n<li><\/li>\n<\/ul>","protected":false},"excerpt":{"rendered":"<p>Tu es fan de la culture bouddhiste ? D\u00e9couvre nos housses de valise aux symboles mandala, et fait perdurer ton sentiment de bien-\u00eatre aux 4 coins du globe. S&rsquo;adapte \u00e0 99% des valises \u00e0 2 ou 4 roues. Deux ouvertures pr\u00e9vues pour la poign\u00e9e t\u00e9lescopique et\/o\u00f9 la poign\u00e9e simple. Plus de risques de se faire&#8230;<\/p>","protected":false},"featured_media":12451,"comment_status":"open","ping_status":"closed","template":"","meta":{"_kad_blocks_custom_css":"","_kad_blocks_head_custom_js":"","_kad_blocks_body_custom_js":"","_kad_blocks_footer_custom_js":"","_kad_post_transparent":"","_kad_post_title":"","_kad_post_layout":"","_kad_post_sidebar_id":"","_kad_post_content_style":"","_kad_post_vertical_padding":"","_kad_post_feature":"","_kad_post_feature_position":"","_kad_post_header":false,"_kad_post_footer":false,"_kad_post_classname":""},"product_brand":[],"product_cat":[392,618],"product_tag":[],"class_list":{"0":"post-6678","1":"product","2":"type-product","3":"status-publish","4":"has-post-thumbnail","6":"product_cat-housse-de-valise","7":"product_cat-accessoires-pour-valise","9":"first","10":"instock","11":"taxable","12":"shipping-taxable","13":"purchasable","14":"product-type-variable","15":"entry","16":"content-bg","17":"loop-entry"},"taxonomy_info":{"product_cat":[{"value":392,"label":"Housses De Valise"},{"value":618,"label":"Accessoires pour Valise"}]},"featured_image_src_large":["https:\/\/velartrip.com\/wp-content\/uploads\/2022\/04\/housse-valise-mandala.jpg",800,800,false],"author_info":[],"comment_info":0,"_links":{"self":[{"href":"https:\/\/velartrip.com\/es\/wp-json\/wp\/v2\/product\/6678","targetHints":{"allow":["GET"]}}],"collection":[{"href":"https:\/\/velartrip.com\/es\/wp-json\/wp\/v2\/product"}],"about":[{"href":"https:\/\/velartrip.com\/es\/wp-json\/wp\/v2\/types\/product"}],"replies":[{"embeddable":true,"href":"https:\/\/velartrip.com\/es\/wp-json\/wp\/v2\/comments?post=6678"}],"wp:featuredmedia":[{"embeddable":true,"href":"https:\/\/velartrip.com\/es\/wp-json\/wp\/v2\/media\/12451"}],"wp:attachment":[{"href":"https:\/\/velartrip.com\/es\/wp-json\/wp\/v2\/media?parent=6678"}],"wp:term":[{"taxonomy":"product_brand","embeddable":true,"href":"https:\/\/velartrip.com\/es\/wp-json\/wp\/v2\/product_brand?post=6678"},{"taxonomy":"product_cat","embeddable":true,"href":"https:\/\/velartrip.com\/es\/wp-json\/wp\/v2\/product_cat?post=6678"},{"taxonomy":"product_tag","embeddable":true,"href":"https:\/\/velartrip.com\/es\/wp-json\/wp\/v2\/product_tag?post=6678"}],"curies":[{"name":"wp","href":"https:\/\/api.w.org\/{rel}","templated":true}]}}