{"id":7084,"date":"2020-05-19T02:23:58","date_gmt":"2020-05-19T02:23:58","guid":{"rendered":"https:\/\/velartrip.com\/?product=etiquette-bagage-br-customisable"},"modified":"2022-08-03T11:18:01","modified_gmt":"2022-08-03T09:18:01","slug":"etiquette-bagage-avion-customisable","status":"publish","type":"product","link":"https:\/\/velartrip.com\/es\/accessoires-pour-valise\/etiquettes-bagages\/etiquette-bagage-avion-customisable\/","title":{"rendered":"Etiqueta de equipaje personalizable"},"content":{"rendered":"<h2>Una de tus fotos + un correo electr\u00f3nico a nuestro equipo y tendr\u00e1s tu nueva etiqueta de equipaje totalmente personalizada.<\/h2>\n<ul>\n<li><strong>Identificar y encontrar<\/strong>\u00a0su equipaje f\u00e1cilmente<\/li>\n<li><strong>Se fija r\u00e1pidamente<\/strong>\u00a0y f\u00e1cilmente.<\/li>\n<li>Dise\u00f1ado para\u00a0<strong>todo tipo de equipaje<\/strong>s (manos, bolsa de viaje, maleta de mano, mochila, etc.)<\/li>\n<li>Composici\u00f3n: piel sint\u00e9tica<\/li>\n<li>Dimensiones :\u00a0<span data-mce-fragment=\"1\">10,5 cm x 6,5 cm<\/span><\/li>\n<\/ul>\n<p style=\"text-align: center;\"><span data-mce-fragment=\"1\"><br \/>\n<em>\ud83d\udce9 Env\u00edanos la foto que quieres para tu etiqueta de equipaje a la siguiente direcci\u00f3n:\u00a0<a href=\"https:\/\/mail.google.com\/mail\/u\/0\/?view=cm&amp;fs=1&amp;tf=1&amp;source=mailto&amp;to=support%40velartrip.com&amp;utm_campaign=Back%20To%20Work%20%28TxQPMP%29&amp;utm_medium=email&amp;utm_source=All%20contacts&amp;_ke=eyJrbF9lbWFpbCI6ICJ0aG9tYXNiZW5hdGlhQGdtYWlsLmNvbSIsICJrbF9jb21wYW55X2lkIjogIlVncHdENyJ9\">support@velartrip.com<\/a>. \u00a1Nosotros nos encargamos del resto! \ud83d\udce8<\/em><\/span><\/p>\n<h3 style=\"text-align: center;\"><span style=\"color: #82d5c7;\">\u00bfPor qu\u00e9 etiquetar las maletas?<\/span><\/h3>\n<p>Si desea :<\/p>\n<p>\u2705 Viajar en tren, barco o avi\u00f3n.<\/p>\n<p>\u2705\u00a0<strong>Distinguir sus maletas<\/strong>\u00a0otros viajeros en el carrusel de equipajes<\/p>\n<p>\u2705 <strong>Encuentre su camino m\u00e1s f\u00e1cilmente<\/strong>t una maleta perdida (\u00a1aunque no se lo desear\u00edamos!)<\/p>\n<p>\u2705 Ser <strong>en cumplimiento de la normativa<\/strong> aeropuerto\u00a0<span data-mce-fragment=\"1\">internacional<\/span><\/p>\n<p><span data-mce-fragment=\"1\">\u2705 <strong>Evitar la destrucci\u00f3n<\/strong> por las autoridades de su maleta desatendida.<\/span><\/p>\n<p><span data-mce-fragment=\"1\">En este caso, necesitar\u00e1 una etiqueta de equipaje.<\/span><\/p>\n<h3 style=\"text-align: center;\"><span style=\"color: #db7c46;\" data-mce-fragment=\"1\">\u00bfC\u00f3mo elijo la etiqueta de mi equipaje?<\/span><\/h3>\n<p><span data-mce-fragment=\"1\">Este es sin duda el accesorio de viaje m\u00e1s f\u00e1cil de elegir, ya que depender\u00e1 de <strong>s\u00f3lo su gusto en dise\u00f1o<\/strong> !<\/span><\/p>\n<p><span data-mce-fragment=\"1\">Por lo dem\u00e1s, cada etiqueta tiene m\u00e1s o menos <strong>los mismos campos que deben rellenarse<\/strong>en otras palabras:<\/span><\/p>\n<ul>\n<li><span data-mce-fragment=\"1\">nombre completo<\/span><\/li>\n<li><span data-mce-fragment=\"1\">direcci\u00f3n postal\u00a0<\/span><\/li>\n<li><span data-mce-fragment=\"1\">el n\u00famero de tel\u00e9fono\u00a0<\/span><\/li>\n<li><span data-mce-fragment=\"1\">direcci\u00f3n de correo electr\u00f3nico<\/span><\/li>\n<\/ul>","protected":false},"excerpt":{"rendered":"<p>Une de tes photos + un email \u00e0 notre \u00e9quipe et te voila avec ta nouvelle \u00e9tiquette de bagage enti\u00e8rement personnalis\u00e9. Identifiez et retrouvez\u00a0facilement\u00a0vos bagages S&rsquo;attache rapidement\u00a0et facilement. Con\u00e7u pour\u00a0tous types de bagages (mains, sac de voyage, valise cabine, sac \u00e0 dos&#8230;) Composition : cuir synth\u00e9tique Dimensions :\u00a010.5 cm x 6.5 cm \ud83d\udce9 Envoie-nous la&#8230;<\/p>","protected":false},"featured_media":12364,"comment_status":"open","ping_status":"closed","template":"","meta":{"_kad_blocks_custom_css":"","_kad_blocks_head_custom_js":"","_kad_blocks_body_custom_js":"","_kad_blocks_footer_custom_js":"","_kad_post_transparent":"","_kad_post_title":"","_kad_post_layout":"","_kad_post_sidebar_id":"","_kad_post_content_style":"","_kad_post_vertical_padding":"","_kad_post_feature":"","_kad_post_feature_position":"","_kad_post_header":false,"_kad_post_footer":false,"_kad_post_classname":""},"product_brand":[385],"product_cat":[397,618],"product_tag":[215],"class_list":{"0":"post-7084","1":"product","2":"type-product","3":"status-publish","4":"has-post-thumbnail","6":"product_brand-velartrip","7":"product_cat-etiquettes-bagages","8":"product_cat-accessoires-pour-valise","9":"product_tag-customisable","11":"first","12":"instock","13":"taxable","14":"shipping-taxable","15":"purchasable","16":"product-type-simple","17":"entry","18":"content-bg","19":"loop-entry"},"taxonomy_info":{"product_brand":[{"value":385,"label":"VelarTrip"}],"product_cat":[{"value":397,"label":"\u00c9tiquette Bagage"},{"value":618,"label":"Accessoires pour Valise"}],"product_tag":[{"value":215,"label":"Customisable"}]},"featured_image_src_large":["https:\/\/velartrip.com\/wp-content\/uploads\/2020\/05\/etiquettebagageavioncustomisablevelartrip18909609984157_2nd.jpeg",800,800,false],"author_info":[],"comment_info":5,"_links":{"self":[{"href":"https:\/\/velartrip.com\/es\/wp-json\/wp\/v2\/product\/7084","targetHints":{"allow":["GET"]}}],"collection":[{"href":"https:\/\/velartrip.com\/es\/wp-json\/wp\/v2\/product"}],"about":[{"href":"https:\/\/velartrip.com\/es\/wp-json\/wp\/v2\/types\/product"}],"replies":[{"embeddable":true,"href":"https:\/\/velartrip.com\/es\/wp-json\/wp\/v2\/comments?post=7084"}],"wp:featuredmedia":[{"embeddable":true,"href":"https:\/\/velartrip.com\/es\/wp-json\/wp\/v2\/media\/12364"}],"wp:attachment":[{"href":"https:\/\/velartrip.com\/es\/wp-json\/wp\/v2\/media?parent=7084"}],"wp:term":[{"taxonomy":"product_brand","embeddable":true,"href":"https:\/\/velartrip.com\/es\/wp-json\/wp\/v2\/product_brand?post=7084"},{"taxonomy":"product_cat","embeddable":true,"href":"https:\/\/velartrip.com\/es\/wp-json\/wp\/v2\/product_cat?post=7084"},{"taxonomy":"product_tag","embeddable":true,"href":"https:\/\/velartrip.com\/es\/wp-json\/wp\/v2\/product_tag?post=7084"}],"curies":[{"name":"wp","href":"https:\/\/api.w.org\/{rel}","templated":true}]}}