{"id":6287,"date":"2020-04-12T17:21:53","date_gmt":"2020-04-12T17:21:53","guid":{"rendered":"https:\/\/velartrip.com\/?product=sac-de-compression-br-denver"},"modified":"2022-07-08T09:23:36","modified_gmt":"2022-07-08T07:23:36","slug":"sac-de-compression","status":"publish","type":"product","link":"https:\/\/velartrip.com\/pt\/accessoires-pratiques\/sac-de-compression\/","title":{"rendered":"Saco de compress\u00e3o Denver"},"content":{"rendered":"<h2>Quando est\u00e1vamos viajando em Atenas, conhecemos um grupo de amigos belgas que nos mostraram como eles liberam espa\u00e7o em suas malas.<\/h2>\n<h2>Ent\u00e3o nos tornamos f\u00e3s de Denver porque para n\u00f3s \u00e9 <strong>75% de lugares adicionais<\/strong> para trazer recorda\u00e7\u00f5es aos seus entes queridos!<\/h2>\n<ul>\n<li>\n<strong>4 sacos concebidos<\/strong> para guardar todo o tipo de vestu\u00e1rio<\/li>\n<\/ul>\n<ul>\n<li>Ajuda a evitar todos os eventos imprevistos <em>(sabe aquele frasco de demaquilante que abre na sua mala durante a viagem...)<\/em>\n<\/li>\n<\/ul>\n<ul>\n<li>\n<strong>N\u00e3o h\u00e1 necessidade de aspirador de p\u00f3<\/strong> para evacuar o ar dos sacos<strong> um simples &quot;roll&quot; \u00e9 suficiente<\/strong> !<\/li>\n<\/ul>\n<ul>\n<li>Os sacos eram <strong>tratados<\/strong> contra <strong>molde<\/strong>a<strong> insectos e bact\u00e9rias\u00a0<\/strong>\n<\/li>\n<\/ul>\n<ul>\n<li><strong>ENTREGA STANDARD GRATUITA<\/strong><\/li>\n<\/ul>\n<table width=\"100%\">\n<tbody>\n<tr>\n<td style=\"width: 31.9253%; text-align: center;\">Tamanhos dos sacos<\/td>\n<td style=\"width: 28.0747%; text-align: center;\">Comprimento<\/td>\n<td style=\"width: 33%; text-align: center;\">\u00a0Largura<\/td>\n<\/tr>\n<tr>\n<td style=\"width: 31.9253%; text-align: center;\">XL<\/td>\n<td style=\"width: 28.0747%; text-align: center;\">70 cm<\/td>\n<td style=\"width: 33%; text-align: center;\">50 cm<\/td>\n<\/tr>\n<tr>\n<td style=\"width: 31.9253%; text-align: center;\">L<\/td>\n<td style=\"width: 28.0747%; text-align: center;\">60 cm<\/td>\n<td style=\"width: 33%; text-align: center;\">40 cm<\/td>\n<\/tr>\n<tr>\n<td style=\"width: 31.9253%; text-align: center;\">M<\/td>\n<td style=\"width: 28.0747%; text-align: center;\">50 cm<\/td>\n<td style=\"width: 33%; text-align: center;\">40 cm<\/td>\n<\/tr>\n<tr>\n<td style=\"width: 31.9253%; text-align: center;\">S<\/td>\n<td style=\"width: 28.0747%; text-align: center;\">50 cm<\/td>\n<td style=\"width: 33%; text-align: center;\">35 cm<\/td>\n<\/tr>\n<\/tbody>\n<\/table>","protected":false},"excerpt":{"rendered":"<p>Quando est\u00e1vamos viajando em Atenas, conhecemos um grupo de amigos belgas que nos mostraram como eles liberam espa\u00e7o em suas malas. Ent\u00e3o nos tornamos f\u00e3s de Denver porque para n\u00f3s s\u00e3o 75% lugares adicionais para levar lembran\u00e7as para nossos entes queridos! 4 bolsas projetadas para\u2026<\/p>","protected":false},"featured_media":13655,"comment_status":"open","ping_status":"closed","template":"","meta":{"_kad_blocks_custom_css":"","_kad_blocks_head_custom_js":"","_kad_blocks_body_custom_js":"","_kad_blocks_footer_custom_js":"","_kad_post_transparent":"","_kad_post_title":"","_kad_post_layout":"","_kad_post_sidebar_id":"","_kad_post_content_style":"","_kad_post_vertical_padding":"","_kad_post_feature":"","_kad_post_feature_position":"","_kad_post_header":false,"_kad_post_footer":false,"_kad_post_classname":""},"product_brand":[385],"product_cat":[386],"product_tag":[],"class_list":{"0":"post-6287","1":"product","2":"type-product","3":"status-publish","4":"has-post-thumbnail","6":"product_brand-velartrip","7":"product_cat-accessoires-pratiques","9":"first","10":"instock","11":"taxable","12":"shipping-taxable","13":"purchasable","14":"product-type-simple","15":"entry","16":"content-bg","17":"loop-entry"},"taxonomy_info":{"product_brand":[{"value":385,"label":"VelarTrip"}],"product_cat":[{"value":386,"label":"Accessoires Pratiques"}]},"featured_image_src_large":["https:\/\/velartrip.com\/wp-content\/uploads\/2022\/05\/32968773581_images_6294a9af868d4_2.jpg",800,800,false],"author_info":[],"comment_info":6,"_links":{"self":[{"href":"https:\/\/velartrip.com\/pt\/wp-json\/wp\/v2\/product\/6287","targetHints":{"allow":["GET"]}}],"collection":[{"href":"https:\/\/velartrip.com\/pt\/wp-json\/wp\/v2\/product"}],"about":[{"href":"https:\/\/velartrip.com\/pt\/wp-json\/wp\/v2\/types\/product"}],"replies":[{"embeddable":true,"href":"https:\/\/velartrip.com\/pt\/wp-json\/wp\/v2\/comments?post=6287"}],"wp:featuredmedia":[{"embeddable":true,"href":"https:\/\/velartrip.com\/pt\/wp-json\/wp\/v2\/media\/13655"}],"wp:attachment":[{"href":"https:\/\/velartrip.com\/pt\/wp-json\/wp\/v2\/media?parent=6287"}],"wp:term":[{"taxonomy":"product_brand","embeddable":true,"href":"https:\/\/velartrip.com\/pt\/wp-json\/wp\/v2\/product_brand?post=6287"},{"taxonomy":"product_cat","embeddable":true,"href":"https:\/\/velartrip.com\/pt\/wp-json\/wp\/v2\/product_cat?post=6287"},{"taxonomy":"product_tag","embeddable":true,"href":"https:\/\/velartrip.com\/pt\/wp-json\/wp\/v2\/product_tag?post=6287"}],"curies":[{"name":"wp","href":"https:\/\/api.w.org\/{rel}","templated":true}]}}